{"id":751,"date":"2020-11-03T15:14:13","date_gmt":"2020-11-03T15:14:13","guid":{"rendered":"http:\/\/www.santamariadelosangeles.cl\/web\/?page_id=751"},"modified":"2024-05-07T13:17:40","modified_gmt":"2024-05-07T16:17:40","slug":"biblioteca-cra-2","status":"publish","type":"page","link":"https:\/\/www.santamariadelosangeles.cl\/web\/biblioteca-cra-2\/","title":{"rendered":"BIBLIOTECA CRA"},"content":{"rendered":"\t\t<div data-elementor-type=\"wp-page\" data-elementor-id=\"751\" class=\"elementor elementor-751\">\n\t\t\t\t\t\t<div class=\"elementor-inner\">\n\t\t\t\t<div class=\"elementor-section-wrap\">\n\t\t\t\t\t\t\t\t\t<section class=\"elementor-section elementor-top-section elementor-element elementor-element-ebec40e elementor-section-boxed elementor-section-height-default elementor-section-height-default\" data-id=\"ebec40e\" data-element_type=\"section\">\n\t\t\t\t\t\t<div class=\"elementor-container elementor-column-gap-default\">\n\t\t\t\t\t\t\t<div class=\"elementor-row\">\n\t\t\t\t\t<div class=\"elementor-column elementor-col-100 elementor-top-column elementor-element elementor-element-55b5bf4\" data-id=\"55b5bf4\" data-element_type=\"column\">\n\t\t\t<div class=\"elementor-column-wrap elementor-element-populated\">\n\t\t\t\t\t\t\t<div class=\"elementor-widget-wrap\">\n\t\t\t\t\t\t<div class=\"elementor-element elementor-element-0f13b16 elementor-widget elementor-widget-theme-post-title elementor-page-title elementor-widget-heading\" data-id=\"0f13b16\" data-element_type=\"widget\" data-widget_type=\"theme-post-title.default\">\n\t\t\t\t<div class=\"elementor-widget-container\">\n\t\t\t<h1 class=\"elementor-heading-title elementor-size-large\">BIBLIOTECA CRA<\/h1>\t\t<\/div>\n\t\t\t\t<\/div>\n\t\t\t\t\t\t<\/div>\n\t\t\t\t\t<\/div>\n\t\t<\/div>\n\t\t\t\t\t\t\t\t<\/div>\n\t\t\t\t\t<\/div>\n\t\t<\/section>\n\t\t\t\t<section class=\"elementor-section elementor-top-section elementor-element elementor-element-d5c4f23 elementor-section-boxed elementor-section-height-default elementor-section-height-default\" data-id=\"d5c4f23\" data-element_type=\"section\">\n\t\t\t\t\t\t<div class=\"elementor-container elementor-column-gap-default\">\n\t\t\t\t\t\t\t<div class=\"elementor-row\">\n\t\t\t\t\t<div class=\"elementor-column elementor-col-33 elementor-top-column elementor-element elementor-element-5424398\" data-id=\"5424398\" data-element_type=\"column\">\n\t\t\t<div class=\"elementor-column-wrap elementor-element-populated\">\n\t\t\t\t\t\t\t<div class=\"elementor-widget-wrap\">\n\t\t\t\t\t\t<div class=\"elementor-element elementor-element-9a5f508 elementor-widget elementor-widget-text-editor\" data-id=\"9a5f508\" data-element_type=\"widget\" data-widget_type=\"text-editor.default\">\n\t\t\t\t<div class=\"elementor-widget-container\">\n\t\t\t\t\t\t\t\t<div class=\"elementor-text-editor elementor-clearfix\">\n\t\t\t\t<p><span style=\"color: #000000;\">Esta actividad fue organizada por la Biblioteca CRA de nuestro colegio en la cual se dio a conocer la historia de la Congregaci\u00f3n de las RFMSC, a los m\u00e1s peque\u00f1itos. La historia fue relatada por la Cuncuna\u00a0 Rayo de Luna .<\/span><\/p>\t\t\t\t\t<\/div>\n\t\t\t\t\t\t<\/div>\n\t\t\t\t<\/div>\n\t\t\t\t\t\t<\/div>\n\t\t\t\t\t<\/div>\n\t\t<\/div>\n\t\t\t\t<div class=\"elementor-column elementor-col-66 elementor-top-column elementor-element elementor-element-707eb20\" data-id=\"707eb20\" data-element_type=\"column\">\n\t\t\t<div class=\"elementor-column-wrap elementor-element-populated\">\n\t\t\t\t\t\t\t<div class=\"elementor-widget-wrap\">\n\t\t\t\t\t\t<div class=\"elementor-element elementor-element-935ba2a elementor-widget elementor-widget-html\" data-id=\"935ba2a\" data-element_type=\"widget\" data-widget_type=\"html.default\">\n\t\t\t\t<div class=\"elementor-widget-container\">\n\t\t\t<div style=\"position: relative; width: 100%; height: 0; padding-top: 56.2500%;\r\n padding-bottom: 0; box-shadow: 0 2px 8px 0 rgba(63,69,81,0.16); margin-top: 1.6em; margin-bottom: 0.9em; overflow: hidden;\r\n border-radius: 8px; will-change: transform;\">\r\n  <iframe loading=\"lazy\" style=\"position: absolute; width: 100%; height: 100%; top: 0; left: 0; border: none; padding: 0;margin: 0;\"\r\n    src=\"https:&#x2F;&#x2F;www.canva.com&#x2F;design&#x2F;DAGEjM8VEX0&#x2F;0sKHQz172DEy_aGBMFy3gA&#x2F;view?embed\" allowfullscreen=\"allowfullscreen\" allow=\"fullscreen\">\r\n  <\/iframe>\r\n<\/div>\r\n<a href=\"https:&#x2F;&#x2F;www.canva.com&#x2F;design&#x2F;DAGEjM8VEX0&#x2F;0sKHQz172DEy_aGBMFy3gA&#x2F;view?utm_content=DAGEjM8VEX0&amp;utm_campaign=designshare&amp;utm_medium=embeds&amp;utm_source=link\" target=\"_blank\" rel=\"noopener\">Libro Viajero - CRA<\/a> \t\t<\/div>\n\t\t\t\t<\/div>\n\t\t\t\t\t\t<\/div>\n\t\t\t\t\t<\/div>\n\t\t<\/div>\n\t\t\t\t\t\t\t\t<\/div>\n\t\t\t\t\t<\/div>\n\t\t<\/section>\n\t\t\t\t<section class=\"elementor-section elementor-top-section elementor-element elementor-element-a2e9c5f elementor-section-boxed elementor-section-height-default elementor-section-height-default\" data-id=\"a2e9c5f\" data-element_type=\"section\">\n\t\t\t\t\t\t<div class=\"elementor-container elementor-column-gap-default\">\n\t\t\t\t\t\t\t<div class=\"elementor-row\">\n\t\t\t\t\t<div class=\"elementor-column elementor-col-33 elementor-top-column elementor-element elementor-element-72bd9a9\" data-id=\"72bd9a9\" data-element_type=\"column\" data-settings=\"{&quot;background_background&quot;:&quot;classic&quot;}\">\n\t\t\t<div class=\"elementor-column-wrap elementor-element-populated\">\n\t\t\t\t\t\t\t<div class=\"elementor-widget-wrap\">\n\t\t\t\t\t\t<div class=\"elementor-element elementor-element-623c08e elementor-widget elementor-widget-heading\" data-id=\"623c08e\" data-element_type=\"widget\" data-widget_type=\"heading.default\">\n\t\t\t\t<div class=\"elementor-widget-container\">\n\t\t\t<h2 class=\"elementor-heading-title elementor-size-small\">Acceso a m\u00e1s informaci\u00f3n<\/h2>\t\t<\/div>\n\t\t\t\t<\/div>\n\t\t\t\t<div class=\"elementor-element elementor-element-629b23d elementor-widget elementor-widget-text-editor\" data-id=\"629b23d\" data-element_type=\"widget\" data-widget_type=\"text-editor.default\">\n\t\t\t\t<div class=\"elementor-widget-container\">\n\t\t\t\t\t\t\t\t<div class=\"elementor-text-editor elementor-clearfix\">\n\t\t\t\t<p style=\"font-weight: 400;\">Queridas familias del colegio SMLA, el equipo de Bibliocra\u00a0les desea un Feliz d\u00eda del Libro y queremos dejarles un regalito lector. Esperamos que les guste y puedan leerlo en Familia.<\/p><p style=\"font-weight: 400;\">\u00a1No olvides! La lectura nos lleva a mundos muy maravillosos.<\/p>\t\t\t\t\t<\/div>\n\t\t\t\t\t\t<\/div>\n\t\t\t\t<\/div>\n\t\t\t\t<div class=\"elementor-element elementor-element-f11d9bb elementor-widget elementor-widget-video\" data-id=\"f11d9bb\" data-element_type=\"widget\" data-settings=\"{&quot;youtube_url&quot;:&quot;https:\\\/\\\/www.youtube.com\\\/watch?v=8-H3lWx0nvc&quot;,&quot;video_type&quot;:&quot;youtube&quot;,&quot;controls&quot;:&quot;yes&quot;}\" data-widget_type=\"video.default\">\n\t\t\t\t<div class=\"elementor-widget-container\">\n\t\t\t\t\t<div class=\"elementor-wrapper elementor-open-inline\">\n\t\t\t<div class=\"elementor-video\"><\/div>\t\t<\/div>\n\t\t\t\t<\/div>\n\t\t\t\t<\/div>\n\t\t\t\t<div class=\"elementor-element elementor-element-bc224a8 elementor--h-position-center elementor--v-position-middle elementor-arrows-position-inside elementor-pagination-position-inside elementor-widget elementor-widget-slides\" data-id=\"bc224a8\" data-element_type=\"widget\" data-settings=\"{&quot;navigation&quot;:&quot;both&quot;,&quot;autoplay&quot;:&quot;yes&quot;,&quot;pause_on_hover&quot;:&quot;yes&quot;,&quot;pause_on_interaction&quot;:&quot;yes&quot;,&quot;autoplay_speed&quot;:5000,&quot;infinite&quot;:&quot;yes&quot;,&quot;transition&quot;:&quot;slide&quot;,&quot;transition_speed&quot;:500}\" data-widget_type=\"slides.default\">\n\t\t\t\t<div class=\"elementor-widget-container\">\n\t\t\t\t\t<div class=\"elementor-swiper\">\n\t\t\t<div class=\"elementor-slides-wrapper elementor-main-swiper swiper-container\" dir=\"ltr\" data-animation=\"fadeInUp\">\n\t\t\t\t<div class=\"swiper-wrapper elementor-slides\">\n\t\t\t\t\t\t\t\t\t\t<div class=\"elementor-repeater-item-03ff220 swiper-slide\"><div class=\"swiper-slide-bg\"><\/div><a class=\"swiper-slide-inner\" href=\"https:\/\/bdescolar.mineduc.cl\/\" target=\"_blank\"><div class=\"swiper-slide-contents\"><div class=\"elementor-slide-heading\">BIBLIOTECA DIGITAL ESCOLAR<\/div><div class=\"elementor-slide-description\">Ingreso a la biblioteca<\/div><div  class=\"elementor-button elementor-slide-button elementor-size-sm\">Click Aqu\u00ed<\/div><\/div><\/a><\/div><div class=\"elementor-repeater-item-c22730f swiper-slide\"><div class=\"swiper-slide-bg\"><\/div><a class=\"swiper-slide-inner\" href=\"https:\/\/planlectordigital.mineduc.cl\/#!\/\" target=\"_blank\"><div class=\"swiper-slide-contents\"><div class=\"elementor-slide-heading\">BIBLIOTECA DIGITAL ESCOLAR<\/div><div class=\"elementor-slide-description\">PLAN DE LECTOESCRITURA DIGITAL<\/div><div  class=\"elementor-button elementor-slide-button elementor-size-sm\">Click Aqu\u00ed<\/div><\/div><\/a><\/div><div class=\"elementor-repeater-item-cbe3b11 swiper-slide\"><div class=\"swiper-slide-bg\"><\/div><a class=\"swiper-slide-inner\" href=\"https:\/\/www.santamariadelosangeles.cl\/web\/wp-content\/uploads\/2020\/11\/rol_padres_covid.pdf\"><div class=\"swiper-slide-contents\"><div class=\"elementor-slide-heading\">ROL DE LOS PADRES EN TIEMPOS DEL COVID<\/div><div class=\"elementor-slide-description\">Descargar Art\u00edculo<\/div><div  class=\"elementor-button elementor-slide-button elementor-size-sm\">Click Aqu\u00ed<\/div><\/div><\/a><\/div><div class=\"elementor-repeater-item-69644de swiper-slide\"><div class=\"swiper-slide-bg\"><\/div><a class=\"swiper-slide-inner\" href=\"https:\/\/www.santamariadelosangeles.cl\/web\/wp-content\/uploads\/2020\/11\/lectura_casa.pdf\"><div class=\"swiper-slide-contents\"><div class=\"elementor-slide-heading\">FOMENTAR LA LECTURA EN CASA<\/div><div class=\"elementor-slide-description\">Descargar Art\u00edculo<\/div><div  class=\"elementor-button elementor-slide-button elementor-size-sm\">Click Aqu\u00ed<\/div><\/div><\/a><\/div>\t\t\t\t<\/div>\n\t\t\t\t\t\t\t\t\t\t\t\t\t\t\t<div class=\"swiper-pagination\"><\/div>\n\t\t\t\t\t\t\t\t\t\t\t\t\t\t\t\t<div class=\"elementor-swiper-button elementor-swiper-button-prev\">\n\t\t\t\t\t\t\t<i aria-hidden=\"true\" class=\"eicon-chevron-left\"><\/i>\t\t\t\t\t\t\t<span class=\"elementor-screen-only\">Previous<\/span>\n\t\t\t\t\t\t<\/div>\n\t\t\t\t\t\t<div class=\"elementor-swiper-button elementor-swiper-button-next\">\n\t\t\t\t\t\t\t<i aria-hidden=\"true\" class=\"eicon-chevron-right\"><\/i>\t\t\t\t\t\t\t<span class=\"elementor-screen-only\">Next<\/span>\n\t\t\t\t\t\t<\/div>\n\t\t\t\t\t\t\t\t\t\t\t\t<\/div>\n\t\t<\/div>\n\t\t\t\t<\/div>\n\t\t\t\t<\/div>\n\t\t\t\t\t\t<\/div>\n\t\t\t\t\t<\/div>\n\t\t<\/div>\n\t\t\t\t<div class=\"elementor-column elementor-col-66 elementor-top-column elementor-element elementor-element-9dda7c6\" data-id=\"9dda7c6\" data-element_type=\"column\">\n\t\t\t<div class=\"elementor-column-wrap elementor-element-populated\">\n\t\t\t\t\t\t\t<div class=\"elementor-widget-wrap\">\n\t\t\t\t\t\t<div class=\"elementor-element elementor-element-1a5687a elementor-widget elementor-widget-text-editor\" data-id=\"1a5687a\" data-element_type=\"widget\" data-widget_type=\"text-editor.default\">\n\t\t\t\t<div class=\"elementor-widget-container\">\n\t\t\t\t\t\t\t\t<div class=\"elementor-text-editor elementor-clearfix\">\n\t\t\t\t<h6 style=\"text-align: left;\">Las Bibliotecas Escolares CRA (Centro de Recursos para el Aprendizaje), tienen como<br \/>objetivo apoyar el logro de las metas de aprendizaje. \u00c9stas promueven el desarrollo de<br \/>habilidades en los estudiantes en diferentes \u00e1reas del conocimiento y la lectura, a trav\u00e9s<br \/>de una apropiaci\u00f3n efectiva de los recursos educativos, en sus diversos formatos y<br \/>soportes, a trav\u00e9s de un espacio creativo de encuentro para la comunidad escolar, que<br \/>busca fomentar el inter\u00e9s por la informaci\u00f3n, la lectura y el conocimiento, donde se<br \/>diversifican las estrategias y recursos de ense\u00f1anza y se generan instancias activas para<br \/>el aprendizaje.<\/h6>\t\t\t\t\t<\/div>\n\t\t\t\t\t\t<\/div>\n\t\t\t\t<\/div>\n\t\t\t\t<div class=\"elementor-element elementor-element-3ed0bb7 elementor-widget elementor-widget-image\" data-id=\"3ed0bb7\" data-element_type=\"widget\" data-widget_type=\"image.default\">\n\t\t\t\t<div class=\"elementor-widget-container\">\n\t\t\t\t\t\t\t\t<div class=\"elementor-image\">\n\t\t\t\t\t\t\t\t\t<figure class=\"wp-caption\">\n\t\t\t\t\t\t\t\t\t\t<img loading=\"lazy\" decoding=\"async\" width=\"295\" height=\"300\" src=\"https:\/\/www.santamariadelosangeles.cl\/web\/wp-content\/uploads\/2020\/11\/FB_IMG_1605028183497-295x300.jpg\" class=\"attachment-medium size-medium wp-image-863\" alt=\"\" srcset=\"https:\/\/www.santamariadelosangeles.cl\/web\/wp-content\/uploads\/2020\/11\/FB_IMG_1605028183497-295x300.jpg 295w, https:\/\/www.santamariadelosangeles.cl\/web\/wp-content\/uploads\/2020\/11\/FB_IMG_1605028183497.jpg 720w\" sizes=\"(max-width: 295px) 100vw, 295px\" \/>\t\t\t\t\t\t\t\t\t\t\t<figcaption class=\"widget-image-caption wp-caption-text\">PROFESORA RUTH VERIS ENCARGADA DE BIBLIOTECA CRA<\/figcaption>\n\t\t\t\t\t\t\t\t\t\t<\/figure>\n\t\t\t\t\t\t\t\t<\/div>\n\t\t\t\t\t\t<\/div>\n\t\t\t\t<\/div>\n\t\t\t\t\t\t<\/div>\n\t\t\t\t\t<\/div>\n\t\t<\/div>\n\t\t\t\t\t\t\t\t<\/div>\n\t\t\t\t\t<\/div>\n\t\t<\/section>\n\t\t\t\t<section class=\"elementor-section elementor-top-section elementor-element elementor-element-c2fc429 elementor-section-boxed elementor-section-height-default elementor-section-height-default\" data-id=\"c2fc429\" data-element_type=\"section\">\n\t\t\t\t\t\t<div class=\"elementor-container elementor-column-gap-default\">\n\t\t\t\t\t\t\t<div class=\"elementor-row\">\n\t\t\t\t\t<div class=\"elementor-column elementor-col-66 elementor-top-column elementor-element elementor-element-fb4e70c\" data-id=\"fb4e70c\" data-element_type=\"column\">\n\t\t\t<div class=\"elementor-column-wrap elementor-element-populated\">\n\t\t\t\t\t\t\t<div class=\"elementor-widget-wrap\">\n\t\t\t\t\t\t<section class=\"elementor-section elementor-inner-section elementor-element elementor-element-68d71bd elementor-section-boxed elementor-section-height-default elementor-section-height-default\" data-id=\"68d71bd\" data-element_type=\"section\">\n\t\t\t\t\t\t<div class=\"elementor-container elementor-column-gap-default\">\n\t\t\t\t\t\t\t<div class=\"elementor-row\">\n\t\t\t\t\t<div class=\"elementor-column elementor-col-50 elementor-inner-column elementor-element elementor-element-da85dd7\" data-id=\"da85dd7\" data-element_type=\"column\">\n\t\t\t<div class=\"elementor-column-wrap elementor-element-populated\">\n\t\t\t\t\t\t\t<div class=\"elementor-widget-wrap\">\n\t\t\t\t\t\t<div class=\"elementor-element elementor-element-ff1bf05 elementor-widget elementor-widget-text-editor\" data-id=\"ff1bf05\" data-element_type=\"widget\" data-widget_type=\"text-editor.default\">\n\t\t\t\t<div class=\"elementor-widget-container\">\n\t\t\t\t\t\t\t\t<div class=\"elementor-text-editor elementor-clearfix\">\n\t\t\t\t<p style=\"text-align: center;\">\u00bfQu\u00e9 es el Centro de Recursos para el Aprendizaje CRA?<br \/>El Centro de Recursos para el Aprendizaje CRA es un espacio pedag\u00f3gico en donde<br \/>se concretiza el proceso de ense\u00f1anza aprendizaje y constituye un soporte muy<br \/>importante en el mejoramiento de la calidad educativa de la Educaci\u00f3n B\u00e1sica y Media<br \/>Regular.<\/p>\t\t\t\t\t<\/div>\n\t\t\t\t\t\t<\/div>\n\t\t\t\t<\/div>\n\t\t\t\t\t\t<\/div>\n\t\t\t\t\t<\/div>\n\t\t<\/div>\n\t\t\t\t<div class=\"elementor-column elementor-col-50 elementor-inner-column elementor-element elementor-element-0a9a41f\" data-id=\"0a9a41f\" data-element_type=\"column\">\n\t\t\t<div class=\"elementor-column-wrap elementor-element-populated\">\n\t\t\t\t\t\t\t<div class=\"elementor-widget-wrap\">\n\t\t\t\t\t\t<div class=\"elementor-element elementor-element-951e9ae elementor-widget elementor-widget-text-editor\" data-id=\"951e9ae\" data-element_type=\"widget\" data-widget_type=\"text-editor.default\">\n\t\t\t\t<div class=\"elementor-widget-container\">\n\t\t\t\t\t\t\t\t<div class=\"elementor-text-editor elementor-clearfix\">\n\t\t\t\t<p style=\"text-align: center;\">\u00bfQu\u00e9 importancia tiene el CRA?<br \/>El objetivo del CRA es apoyar el desarrollo curricular en todos los establecimientos;<br \/>facilitando cambios en las pr\u00e1cticas de ense\u00f1anza; motivando y fomentando nuevos y<br \/>m\u00e1s complejos estilos y m\u00e9todos de ense\u00f1anza, y estimulando el desarrollo de un entorno<br \/>positivo y de trabajo profesional.<\/p>\t\t\t\t\t<\/div>\n\t\t\t\t\t\t<\/div>\n\t\t\t\t<\/div>\n\t\t\t\t\t\t<\/div>\n\t\t\t\t\t<\/div>\n\t\t<\/div>\n\t\t\t\t\t\t\t\t<\/div>\n\t\t\t\t\t<\/div>\n\t\t<\/section>\n\t\t\t\t\t\t<\/div>\n\t\t\t\t\t<\/div>\n\t\t<\/div>\n\t\t\t\t<div class=\"elementor-column elementor-col-33 elementor-top-column elementor-element elementor-element-3152e01\" data-id=\"3152e01\" data-element_type=\"column\">\n\t\t\t<div class=\"elementor-column-wrap\">\n\t\t\t\t\t\t\t<div class=\"elementor-widget-wrap\">\n\t\t\t\t\t\t\t\t<\/div>\n\t\t\t\t\t<\/div>\n\t\t<\/div>\n\t\t\t\t\t\t\t\t<\/div>\n\t\t\t\t\t<\/div>\n\t\t<\/section>\n\t\t\t\t<section class=\"elementor-section elementor-top-section elementor-element elementor-element-55e7da7 elementor-section-boxed elementor-section-height-default elementor-section-height-default\" data-id=\"55e7da7\" data-element_type=\"section\">\n\t\t\t\t\t\t<div class=\"elementor-container elementor-column-gap-default\">\n\t\t\t\t\t\t\t<div class=\"elementor-row\">\n\t\t\t\t\t<div class=\"elementor-column elementor-col-66 elementor-top-column elementor-element elementor-element-6601374\" data-id=\"6601374\" data-element_type=\"column\">\n\t\t\t<div class=\"elementor-column-wrap elementor-element-populated\">\n\t\t\t\t\t\t\t<div class=\"elementor-widget-wrap\">\n\t\t\t\t\t\t<section class=\"elementor-section elementor-inner-section elementor-element elementor-element-502d2e5 elementor-section-boxed elementor-section-height-default elementor-section-height-default\" data-id=\"502d2e5\" data-element_type=\"section\">\n\t\t\t\t\t\t<div class=\"elementor-container elementor-column-gap-default\">\n\t\t\t\t\t\t\t<div class=\"elementor-row\">\n\t\t\t\t\t<div class=\"elementor-column elementor-col-50 elementor-inner-column elementor-element elementor-element-0e6819c\" data-id=\"0e6819c\" data-element_type=\"column\">\n\t\t\t<div class=\"elementor-column-wrap elementor-element-populated\">\n\t\t\t\t\t\t\t<div class=\"elementor-widget-wrap\">\n\t\t\t\t\t\t<div class=\"elementor-element elementor-element-34908f0 elementor-widget elementor-widget-text-editor\" data-id=\"34908f0\" data-element_type=\"widget\" data-widget_type=\"text-editor.default\">\n\t\t\t\t<div class=\"elementor-widget-container\">\n\t\t\t\t\t\t\t\t<div class=\"elementor-text-editor elementor-clearfix\">\n\t\t\t\t<p style=\"text-align: center;\">\u00bfQu\u00e9 ofrece la biblioteca CRA de nuestro colegio?<br \/>Nuestro colegio cuenta con un proyecto llamado Redes de Aprendizaje Colaborativo, el<br \/>cual pretende ayudar a mejorar los aprendizajes de los alumnos mediante un trabajo<br \/>integral del profesor y estudiantes a trav\u00e9s del uso de los recursos de aprendizaje,<br \/>apoyados por las tecnolog\u00edas de informaci\u00f3n y comunicaci\u00f3n.<\/p>\t\t\t\t\t<\/div>\n\t\t\t\t\t\t<\/div>\n\t\t\t\t<\/div>\n\t\t\t\t\t\t<\/div>\n\t\t\t\t\t<\/div>\n\t\t<\/div>\n\t\t\t\t<div class=\"elementor-column elementor-col-50 elementor-inner-column elementor-element elementor-element-ba92e5e\" data-id=\"ba92e5e\" data-element_type=\"column\">\n\t\t\t<div class=\"elementor-column-wrap elementor-element-populated\">\n\t\t\t\t\t\t\t<div class=\"elementor-widget-wrap\">\n\t\t\t\t\t\t<div class=\"elementor-element elementor-element-3f5efa0 elementor-widget elementor-widget-text-editor\" data-id=\"3f5efa0\" data-element_type=\"widget\" data-widget_type=\"text-editor.default\">\n\t\t\t\t<div class=\"elementor-widget-container\">\n\t\t\t\t\t\t\t\t<div class=\"elementor-text-editor elementor-clearfix\">\n\t\t\t\t<p style=\"text-align: center;\">Las metas de este proyecto son:<br \/>Reforzar aspectos b\u00e1sicos y fundamentales del<br \/>quehacer acad\u00e9mico, como:<br \/>&#8211; La capacidad lectora y cr\u00edtica, logrando un<br \/>acercamiento al conocimiento a diversas<br \/>expresiones culturales.<br \/>&#8211; Hacer del CRA un espacio din\u00e1mico de<br \/>encuentro y con diversidad de elementos con los<br \/>que los alumnos y profesores puedan trabajar<br \/>integr\u00e1ndolos al quehacer acad\u00e9mico..<\/p>\t\t\t\t\t<\/div>\n\t\t\t\t\t\t<\/div>\n\t\t\t\t<\/div>\n\t\t\t\t\t\t<\/div>\n\t\t\t\t\t<\/div>\n\t\t<\/div>\n\t\t\t\t\t\t\t\t<\/div>\n\t\t\t\t\t<\/div>\n\t\t<\/section>\n\t\t\t\t\t\t<\/div>\n\t\t\t\t\t<\/div>\n\t\t<\/div>\n\t\t\t\t<div class=\"elementor-column elementor-col-33 elementor-top-column elementor-element elementor-element-1b65765\" data-id=\"1b65765\" data-element_type=\"column\">\n\t\t\t<div class=\"elementor-column-wrap\">\n\t\t\t\t\t\t\t<div class=\"elementor-widget-wrap\">\n\t\t\t\t\t\t\t\t<\/div>\n\t\t\t\t\t<\/div>\n\t\t<\/div>\n\t\t\t\t\t\t\t\t<\/div>\n\t\t\t\t\t<\/div>\n\t\t<\/section>\n\t\t\t\t\t\t\t\t\t<\/div>\n\t\t\t<\/div>\n\t\t\t\t\t<\/div>\n\t\t","protected":false},"excerpt":{"rendered":"<p>Esta actividad fue organizada por la Biblioteca CRA de nuestro colegio en la cual se dio a conocer la historia de la Congregaci\u00f3n de las RFMSC, a los m\u00e1s peque\u00f1itos. La historia fue relatada por la Cuncuna\u00a0 Rayo de Luna . Libro Viajero &#8211; CRA Acceso a m\u00e1s informaci\u00f3n Queridas familias del colegio SMLA, el [&hellip;]<\/p>\n","protected":false},"author":2,"featured_media":0,"parent":0,"menu_order":0,"comment_status":"closed","ping_status":"closed","template":"","meta":{"footnotes":""},"class_list":["post-751","page","type-page","status-publish","hentry"],"_links":{"self":[{"href":"https:\/\/www.santamariadelosangeles.cl\/web\/wp-json\/wp\/v2\/pages\/751"}],"collection":[{"href":"https:\/\/www.santamariadelosangeles.cl\/web\/wp-json\/wp\/v2\/pages"}],"about":[{"href":"https:\/\/www.santamariadelosangeles.cl\/web\/wp-json\/wp\/v2\/types\/page"}],"author":[{"embeddable":true,"href":"https:\/\/www.santamariadelosangeles.cl\/web\/wp-json\/wp\/v2\/users\/2"}],"replies":[{"embeddable":true,"href":"https:\/\/www.santamariadelosangeles.cl\/web\/wp-json\/wp\/v2\/comments?post=751"}],"version-history":[{"count":30,"href":"https:\/\/www.santamariadelosangeles.cl\/web\/wp-json\/wp\/v2\/pages\/751\/revisions"}],"predecessor-version":[{"id":11208,"href":"https:\/\/www.santamariadelosangeles.cl\/web\/wp-json\/wp\/v2\/pages\/751\/revisions\/11208"}],"wp:attachment":[{"href":"https:\/\/www.santamariadelosangeles.cl\/web\/wp-json\/wp\/v2\/media?parent=751"}],"curies":[{"name":"wp","href":"https:\/\/api.w.org\/{rel}","templated":true}]}}