{"id":160,"date":"2020-10-14T14:41:53","date_gmt":"2020-10-14T17:41:53","guid":{"rendered":"http:\/\/www.santamariadelosangeles.cl\/web\/?page_id=160"},"modified":"2023-09-11T10:04:03","modified_gmt":"2023-09-11T13:04:03","slug":"historia-del-colegio","status":"publish","type":"page","link":"https:\/\/www.santamariadelosangeles.cl\/web\/historia-del-colegio\/","title":{"rendered":"HISTORIA DEL COLEGIO"},"content":{"rendered":"\t\t<div data-elementor-type=\"wp-page\" data-elementor-id=\"160\" class=\"elementor elementor-160\">\n\t\t\t\t\t\t<div class=\"elementor-inner\">\n\t\t\t\t<div class=\"elementor-section-wrap\">\n\t\t\t\t\t\t\t\t\t<section class=\"elementor-section elementor-top-section elementor-element elementor-element-4c55065 elementor-section-boxed elementor-section-height-default elementor-section-height-default\" data-id=\"4c55065\" data-element_type=\"section\">\n\t\t\t\t\t\t<div class=\"elementor-container elementor-column-gap-default\">\n\t\t\t\t\t\t\t<div class=\"elementor-row\">\n\t\t\t\t\t<div class=\"elementor-column elementor-col-100 elementor-top-column elementor-element elementor-element-3238aeb7\" data-id=\"3238aeb7\" data-element_type=\"column\">\n\t\t\t<div class=\"elementor-column-wrap elementor-element-populated\">\n\t\t\t\t\t\t\t<div class=\"elementor-widget-wrap\">\n\t\t\t\t\t\t<div class=\"elementor-element elementor-element-3aae4322 elementor-widget elementor-widget-text-editor\" data-id=\"3aae4322\" data-element_type=\"widget\" data-widget_type=\"text-editor.default\">\n\t\t\t\t<div class=\"elementor-widget-container\">\n\t\t\t\t\t\t\t\t<div class=\"elementor-text-editor elementor-clearfix\">\n\t\t\t\t<!-- wp:image {\"align\":\"left\",\"id\":161,\"width\":356,\"height\":264,\"sizeSlug\":\"large\"} -->\n<div class=\"wp-block-image\">\n<figure class=\"alignleft size-large is-resized\"><img loading=\"lazy\" decoding=\"async\" class=\"wp-image-161\" src=\"https:\/\/www.santamariadelosangeles.cl\/web\/wp-content\/uploads\/2020\/10\/histo01.jpg\" alt=\"\" width=\"356\" height=\"264\" \/>\n<figcaption><strong><span class=\"has-inline-color has-vivid-red-color\">Facha de la entrada a nuestro colegio<\/span><\/strong><\/figcaption>\n<\/figure>\n<\/div>\n<!-- \/wp:image --><!-- wp:paragraph -->\n<p><span style=\"color: #000000;\">Conociendo el camino recorrido por el Colegio Santa Mar\u00eda de los \u00c1ngeles, en los a\u00f1os 60, conocemos una historia hermosa y llena de grandes acontecimientos que involucran a cientos de personas que logran vivir en torno a una comunidad de fraternidad que se propone formar personas conscientes de las necesidades de su entorno y con fe en el frente al futuro. Es el 1\u00ba de marzo del a\u00f1o 1960, cuando comienza a funcionar en el mismo lugar que hoy se encuentra pero en salitas de madera, el Kinder \u201cSanta Clara\u201d, con 50 alumnos. Sor Olivia Sartor, su profesora, se preocupa de darles a estos ni\u00f1os una s\u00f3lida formaci\u00f3n cristiana y de prepararlos para ingresar a la Ense\u00f1anza B\u00e1sica. Durante la d\u00e9cada de los 60 la Escuela Santa Clara, aumenta los cursos de b\u00e1sica.<\/span><\/p>\n<p><span style=\"color: #000000;\"><!-- \/wp:paragraph --><!-- wp:paragraph --><\/span><\/p>\n<p><span style=\"color: #000000;\">Sor Emilia Zilio Cisiola, primera Directora de la Escuela, incorpora a los padres en la formaci\u00f3n de sus hijos, con la Catequesis de Primera Comuni\u00f3n y creando un ambiente de familia.<\/span><\/p>\n<p><span style=\"color: #000000;\"><!-- \/wp:paragraph --><!-- wp:paragraph --><\/span><\/p>\n<p><span style=\"color: #000000;\">La escuela comienza a funcionar en un discreto emplazamiento de Gran Avenida, porque esta peque\u00f1a propiedad era de la Se\u00f1ora Albertina Araneda; un d\u00eda habl\u00f3 con el Padre Clemente P\u00e9rez ofreci\u00f3 la donaci\u00f3n a las Religiosas Franciscanas Misioneras del Sagrado Coraz\u00f3n y en una entrevista con Sor Fabiola Marcuzzi, representante de la Congregaci\u00f3n en Chile, deciden iniciar los tr\u00e1mites con los Superiores para aceptar esta donaci\u00f3n, que se concret\u00f3 felizmente.<\/span><\/p>\n<p><span style=\"color: #000000;\"><!-- \/wp:paragraph --><!-- wp:paragraph --><\/span><\/p>\n<p><span style=\"color: #000000;\"><strong>ETAPAS DEL DESARROLLO DE LA ESCUELA<\/strong><\/span><\/p>\n<p><span style=\"color: #000000;\"><!-- \/wp:paragraph --><!-- wp:paragraph --><\/span><\/p>\n<p><span style=\"color: #000000;\">La Escuela sigue creciendo, las Religiosas entregan una s\u00f3lida formaci\u00f3n cristiana y acad\u00e9mica. En un comienzo surge con una educaci\u00f3n mixta, Particular Pagada y cada a\u00f1o aumentan los alumnos que quieren formarse en ella. Sor Olivia Sartor, segunda Directora de la Escuela, hace los tr\u00e1mites necesarios en el Ministerio de Educaci\u00f3n para conseguir el Decreto Ministerial que la reconoce como Cooperador de la Funci\u00f3n Educacional del Estado. El Decreto llega el 23 de noviembre de 1967 y dice: Decl\u00e1rese Cooperador\u2026 a la Escuela Particular N\u00ba 95 \u201cAlbertina Araneda\u201d. No se puede conservar el nombre de Santa Clara porque ya existe en la misma comuna la Escuela T\u00e9cnica Santa Clara. Los Padres y Apoderados aprecian la labor de las Religiosas y colaboran con mucho entusiasmo, trabajando en conjunto como una gran familia cristiana que tiene un objetivo en com\u00fan, la formaci\u00f3n espiritual y educacional de quienes all\u00ed se forman. Todo esto permite que durante el A\u00f1o Escolar se realicen diversas actividades como Escuela para Padres y Catequesis para ni\u00f1os y adultos.<\/span><\/p>\n<p><span style=\"color: #000000;\"><!-- \/wp:paragraph --><!-- wp:paragraph --><\/span><\/p>\n<p><span style=\"color: #000000;\">Sor Olivia comienza a construir las dos primeras aulas de concreto. Es la d\u00e9cada del 70, tiempo muy dif\u00edcil porque no se encuentran los materiales, sin embargo se logra terminar las dos aulas del primer piso con grandes expectativas de los que eso pod\u00eda significar para la Comunidad Educativa. En el a\u00f1o 1973 asume como Directora Sor Emidia Hern\u00e1ndez y con ello otro gran hito del Colegio, pues logra terminar las dos aulas del segundo piso. En esos tiempos tan convulsionados, donde cada trabajo, objetivo o emprendimiento significa comprometer el doble del esfuerzo es cuando se logra visualizar el cari\u00f1o de todos quienes forman parte de esta realidad; los apoderados colaboran y apoyan la labor de las Religiosas, lo que fue trascendental para el futuro de la escuela. Se logra as\u00ed completar la Ense\u00f1anza B\u00e1sica hasta Octavo B\u00e1sico. Se logra una formaci\u00f3n humana, cristiana y acad\u00e9mica de los alumnos que son bien recibidos en los Colegios con Ense\u00f1anza Media. Se crea el Departamento de Bienestar para socorrer a las familias en momentos dif\u00edciles. Se comprende que es fundamental el apoyo de la familia para obtener \u00e9xitos que finalmente significan un bienestar para quienes all\u00ed se forman. Con la Ense\u00f1anza Media comienzan a funcionar las Actividades Extraescolares de Libre Elecci\u00f3n (ACLE) cuyo coordinador es el Profesor de Educaci\u00f3n F\u00edsica, Jorge Rojas. Se organiza el Deporte de alumnos y apoderados.<\/span><\/p>\n<p><span style=\"color: #000000;\"><!-- \/wp:paragraph --><!-- wp:paragraph --><\/span><\/p>\n<p><span style=\"color: #000000;\">Sor In\u00e9s y Sor Cecilia se integran a las actividades del Colegio y fundan el Grupo Scout \u201cSan Francisco de As\u00eds\u201d, para entregar a los adolescentes, una formaci\u00f3n de valores m\u00e1s completa y para ense\u00f1arles el buen uso del tiempo libre.<\/span><\/p>\n<p><span style=\"color: #000000;\"><!-- \/wp:paragraph --><!-- wp:paragraph --><\/span><\/p>\n<p><span style=\"color: #000000;\">En la d\u00e9cada de los 80 se producen grandes cambios y transformaciones en la Escuela porque significa el aumento de la matr\u00edcula y dar inicio a la Educaci\u00f3n Media, pero no solo eso, sino tambi\u00e9n permitir\u00e1 dar mejor acogida a los alumnos y sus familias y realizar diversas actividades acad\u00e9micas, deportivas y de formaci\u00f3n espiritual. La Congregaci\u00f3n compra dos terrenos, el de la Hoster\u00eda de Gran Avenida y el de la Se\u00f1ora Rosa Garc\u00eda en 21 de Mayo, donde viven actualmente las Religiosas.<\/span><\/p>\n<p><span style=\"color: #000000;\"><!-- \/wp:paragraph --><!-- wp:paragraph --><\/span><\/p>\n<p><span style=\"color: #000000;\">Confiando en la Divina Providencia, la Congregaci\u00f3n decide demoler las salitas de madera y construir el nuevo Colegio, la historia del Colegio est\u00e1 en marcha y con ello la ilusi\u00f3n de muchas personas que ven en este proyecto la concretizaci\u00f3n de sus sue\u00f1os de construir un futuro mejor para sus familias y de igual manera la alegr\u00eda de la Congregaci\u00f3n por ser el pilar que lo sustenta. La dif\u00edcil tarea es encomendada a la entonces Directora, Sor Attiliana Durigon. Construir el edificio y llevar adelante esta Obra, significa sacrificios muy grandes para la Congregaci\u00f3n. El Se\u00f1or ha sido un buen Consejero y un excelente Compa\u00f1ero en esta hermosa aventura. La primera donaci\u00f3n llega de Italia, de la mano de la familia Durigon, hermanos de Sor Attiliana. Es as\u00ed como el 1\u00ba de diciembre de 1981 comienza la construcci\u00f3n del pabell\u00f3n de Gran Avenida con la entrada del Colegios, las oficinas, la biblioteca, la sala de computaci\u00f3n, la Capilla y salas de clases. El 8 de marzo de 1982 a las 09:00 horas comienza el primer d\u00eda de clases, todos tienen grandes expectativas. Monse\u00f1or Camilo Vial, Vicario de la Zona Sur bendice el Edificio y Consagra la Capilla. Otra importante novedad comienza la Ense\u00f1anza Media. El Colegio pasa de Particular Pagado a Particular Subvencionado. El Ministerio de Educaci\u00f3n aprueba todos los cambios y lo reconoce como \u201cColegio Santa Mar\u00eda de los \u00c1ngeles\u201d, particular subvencionado con Ense\u00f1anza Pre-B\u00e1sica, B\u00e1sica y Media. En el verano del 1983 se construye la segunda etapa que comprende las oficinas de Orientaci\u00f3n, UTP., y las salas de clases cerca del Gimnasio. En esta d\u00e9cada del 80, se crea el Himno del Colegio, la Insignia actual, dos hitos que consiguen dar un sentido de pertenencia a\u00fan mayor al colegio y permiten formar una identidad. Al Colegio Santa Mar\u00eda de los \u00c1ngeles le falta un lugar para las clases de Educaci\u00f3n F\u00edsica, para los Actos importantes, para las Licenciaturas, le falta un Gimnasio. Y \u00bfd\u00f3nde se puede levantar? No hay terreno disponible. Entonces la Comunidad Religiosa cede su jard\u00edn, su huerto con \u00e1rboles frutales, siempre pensando en darle lo mejor a los ni\u00f1os y para que recuerden los a\u00f1os en el Colegio como los mejores de su vida.<\/span><\/p>\n<p><span style=\"color: #000000;\"><!-- \/wp:paragraph --><!-- wp:paragraph --><\/span><\/p>\n<p><span style=\"color: #000000;\">14 de diciembre de 1984 se realiza la Bendici\u00f3n de la Primera piedra del anhelado Gimnasio. En toda la Comunidad Educativa hay un ambiente de fiesta, de esperanza y de optimismo. Para reunir fondos que permitan realizar esta hermosa obra, se realizan campa\u00f1as: la campa\u00f1a del cemento, la campa\u00f1a del ladrillo, la campa\u00f1a del huevo, y muchas otras. Todos los Apoderados colaboran entusiasmo en esas campa\u00f1as, reina la paz, la uni\u00f3n y mucha alegr\u00eda. Pero el 20 de abril de 1985, la situaci\u00f3n econ\u00f3mica se hace insostenible y con mucho dolor se interrumpen los trabajos de construcci\u00f3n del Gimnasio. El 1\u00ba de septiembre de este mismo a\u00f1o, se reanudan los trabajos del Gimnasio. La Divina Providencia que siempre nos acompa\u00f1a, esta vez se manifiesta por medio de Rosa Durigon, otro miembro de la familia, que env\u00eda una suma considerable de dinero y as\u00ed podemos terminar nuestro hermoso Gimnasio. El 14 de diciembre con una magnifica solemnidad se realiza el primera Licenciatura y egresa el primer cuarto medio.<\/span><\/p>\n<p><span style=\"color: #000000;\"><!-- \/wp:paragraph --><!-- wp:paragraph --><\/span><\/p>\n<p><span style=\"color: #000000;\">En esta d\u00e9cada tambi\u00e9n se constituye el Equipo de Profesores para los Encuentro con Cristo de la Ense\u00f1anza Media, lo forman: Sor Attiliana, el P. Francisco Guzm\u00e1n, la se\u00f1ora Virginia Ciampi y el Inspector Patricio Gonz\u00e1lez. Se viven tiempos de gran efervescencia y mucha actividad al interior del colegio, lo que lleva a formar el Coro y el Grupo Folkl\u00f3rico de los Apoderados, realizar diversas actividades culturales que permiten a toda la comunidad acercarse de otra manera al colegio y sentir que es parte de su vida.<\/span><\/p>\n<p><span style=\"color: #000000;\"><!-- \/wp:paragraph --><!-- wp:paragraph --><\/span><\/p>\n<p><span style=\"color: #000000;\">Llegamos a la d\u00e9cada de los 90 en la cual se desarrollar\u00e1n importantes acontecimientos de la mano de toda una Comunidad que contempla con alegr\u00eda el desarrollo de este colegio. Durante estos diez a\u00f1os se suceden seis Directoras: Sor Bernarda \u00c1lvarez, Sor Francisca Bolognani, Sor Isabel Oyarz\u00fan, Sor Emidia Hern\u00e1ndez, Sor Elsa Castillo y Sor Juana Gonz\u00e1lez. Cada una de ellas con entusiasmo ponen sus diversos dones al servicio del Colegio priorizando siempre la formaci\u00f3n de personas seg\u00fan el Proyecto Educativo Institucional, a nivel de Profesores, Estudiantes, Padres y Apoderados. Sor Bernarda hace llegar de Roma la hermosa imagen de Santa Mar\u00eda de los \u00c1ngeles y en su af\u00e1n de darle el lugar m\u00e1s destacado, la entroniza en el patio central. Hoy luce en la Entrada nueva como Madre y Protectora de este hermoso Colegio.<\/span><\/p>\n<p><span style=\"color: #000000;\"><!-- \/wp:paragraph --><!-- wp:paragraph --><\/span><\/p>\n<p><span style=\"color: #000000;\">Sor Francisca se preocupa de construir las amplias salas y los ba\u00f1os del Kinder. Sor Emidia construye el Comedor de los Profesores. Sor Elsa Castillo inaugura la Multicancha. En todos estos adelantos, el Centro de Padres siempre colabora econ\u00f3micamente con las Religiosas porque reconocen que todos sus sacrificios van en beneficios directo de sus propios hijos.<\/span><\/p>\n<p><span style=\"color: #000000;\"><!-- \/wp:paragraph --><!-- wp:paragraph --><\/span><\/p>\n<p><span style=\"color: #000000;\">Llegamos a la d\u00e9cada de 2000, d\u00e9cada que se se\u00f1alar\u00e1 como crucial en el crecimiento y desarrollo del colegio. En el A\u00f1o del Jubileo. Un grupo de j\u00f3venes de Ense\u00f1anza Media junto al grupo de Liceo Madre Cecilia Lazzeri, se preparan para viajar a Roma. Nuestra Congregaci\u00f3n en Roma los acoge y los atiende en la mejor forma posible. En diciembre de 2002 Sor Juana deja la Direcci\u00f3n del Colegio y en marzo del 2003 vuelve como Directora Sor Attiliana Durigon, quien tendr\u00e1 una dura misi\u00f3n, reconstruir la Comunidad que dejara algunos a\u00f1os atr\u00e1s, pero que debido a su carisma y sabidur\u00eda logra r\u00e1pidamente.<\/span><\/p>\n<p><span style=\"color: #000000;\"><!-- \/wp:paragraph --><!-- wp:paragraph --><\/span><\/p>\n<p><span style=\"color: #000000;\">Para que un joven pueda insertarse en la sociedad y tener \u00e9xito, necesita excelente preparaci\u00f3n acad\u00e9mica y s\u00f3lida formaci\u00f3n val\u00f3rica. Es necesario entonces que el estudiante se esfuerce en superar el nivel acad\u00e9mico tomando con responsabilidad el trabajo personal, para responder a las necesidades del pa\u00eds. Por lo tanto en estos a\u00f1os se intensifica la difusi\u00f3n del Proyecto Educativo Institucional y se trabaja en todos los Estamentos del Colegio para formar \u201cPersonas\u201d que aman a Dios, a la Patria y a la Familia. La Congregaci\u00f3n anhela hacer del Colegio Santa Mar\u00eda de los \u00c1ngeles, una verdadera Comunidad Educativa Franciscana, es decir una Fraternidad.<\/span><\/p>\n<p><span style=\"color: #000000;\"><!-- \/wp:paragraph --><!-- wp:paragraph --><\/span><\/p>\n<p><span style=\"color: #000000;\">Para llevar a cabo este proyecto se realizan las siguientes actividades: Comienza la preparaci\u00f3n de la PSU en lenguaje y matem\u00e1tica para los estudiantes de 3\u00ba y 4\u00ba medio los d\u00edas s\u00e1bados. Talleres de reforzamiento en los cursos de 7\u00ba, 8\u00ba, 1\u00ba M y 2\u00ba M en el \u00e1rea de matem\u00e1tica. Se implementa el programa de filosof\u00eda para ni\u00f1os en los niveles NB1 y NB2 y que ir\u00e1 en progresi\u00f3n con los a\u00f1os y de acuerdo a las necesidades de cada grupo de estudiantes.<\/span><\/p>\n<p><span style=\"color: #000000;\"><!-- \/wp:paragraph --><!-- wp:paragraph --><\/span><\/p>\n<p><span style=\"color: #000000;\">Se finalizan los Planes y Programas Propios, los que son r\u00e1pidamente aceptados por el Ministerio y que le permiten una mayor libertad en lo acad\u00e9mico al Colegio. De igual manera se redacta un nuevo Reglamento de Evaluaci\u00f3n, que considera importantes cambios.<\/span><\/p>\n<p><span style=\"color: #000000;\"><!-- \/wp:paragraph --><!-- wp:paragraph --><\/span><\/p>\n<p><span style=\"color: #000000;\">Durante esta d\u00e9cada se redacta y comienza a difundir el Proyecto Educativo Institucional, que le dar\u00e1 ra\u00edces sustentables y las directrices necesarias para que todos trabajemos con un mismo objetivo, la formaci\u00f3n cristiana y acad\u00e9mica, y que adem\u00e1s contribuir\u00e1 en dar un sentido de pertenencia a una familia franciscana. El PEI. nos entregar\u00e1 la visi\u00f3n y misi\u00f3n del Colegio., los objetivos y tareas de cada estamento para formar personas integrales, capaces de insertarse positivamente en la sociedad y contribuir en ella.<\/span><\/p>\n<p><span style=\"color: #000000;\"><!-- \/wp:paragraph --><!-- wp:paragraph --><\/span><\/p>\n<p><span style=\"color: #000000;\">El 04 de abril de 2008, un hecho muy importante para destacar, es la visita a nuestro Colegio, de la Superiora General de la Congregaci\u00f3n, Sor Emmap\u00eda Bottamedi, junto a las Directoras de los Colegios de todos los pa\u00edses donde est\u00e1 presente la Congregaci\u00f3n. La Comunidad Educativa se esmera en dar la Bienvenida a estas hermanas, conscientes que un hecho as\u00ed se da una sola vez en la vida.<\/span><\/p>\n<p><span style=\"color: #000000;\"><!-- \/wp:paragraph --><!-- wp:paragraph --><\/span><\/p>\n<p><span style=\"color: #000000;\">Otra actividad digna de destacar es la Pe\u00f1a Folkl\u00f3rica organizada por el Centro de Padres, Directivas de Cursos y Profesores, esta actividad se desarrolla en un ambiente fraterno, alegre y familiar.<\/span><\/p>\n<p><span style=\"color: #000000;\"><!-- \/wp:paragraph --><!-- wp:paragraph --><\/span><\/p>\n<p><span style=\"color: #000000;\">El Colegio se reconoce como un centro de formaci\u00f3n integral, donde todos tienen cabida y cada uno es aceptado, respetado e integrado con sus diferencias, aciertos y \u00e9xitos y fracasos.<\/span><\/p>\n<p><span style=\"color: #000000;\"><!-- \/wp:paragraph --><!-- wp:paragraph --><\/span><\/p>\n<p><span style=\"color: #000000;\">La Comunidad se ha convertido en un centro que da lugar a la cultura, la entretenci\u00f3n, la alegr\u00eda y especialmente el desarrollo de una fe cristiana, sustentada en los valores franciscanos y difundidos por la Religiosas Franciscanas Misioneras del Sagrado Coraz\u00f3n.<\/span><\/p>\n<p><span style=\"color: #000000;\"><!-- \/wp:paragraph --><!-- wp:paragraph --><\/span><\/p>\n<p><span style=\"color: #000000;\">El a\u00f1o 2013 es un a\u00f1o muy significativo para el Colegio Santa Mar\u00eda de los \u00c1ngeles, dirigido por Sor Attiliana Durigon, comenz\u00f3 en el mes de enero, el proceso de Certificaci\u00f3n de Calidad en Gesti\u00f3n Escolar. La certificaci\u00f3n es un proceso mediante el cual el establecimiento escolar se introduce en la din\u00e1mica del mejoramiento continuo, que se inicia con un proceso de autoevaluaci\u00f3n, el desarrollo de un plan de mejoramiento para culminar con la evaluaci\u00f3n externa que conduce a la obtenci\u00f3n de un Sello de Calidad. La obtenci\u00f3n de la certificaci\u00f3n implica contar con un \u00absello de calidad\u00bb, otorgado al establecimiento educacional que cumpla con las exigencias establecidas: Haber realizado la Autoevaluaci\u00f3n Institucional y su respectivo Plan de Mejoramiento. Haber obtenido un m\u00ednimo de 250 puntos en la prueba del \u00faltimo Simce. El 9 de noviembre, se realiza la Ceremonia de Certificaci\u00f3n, nuestro Colegio Santa Mar\u00eda de los \u00c1ngeles, recibi\u00f3 del Secretario Ejecutivo de la Fundaci\u00f3n Chile, Sergio Garay, el Sello de Calidad de Gesti\u00f3n Escolar.<\/span><\/p>\n<p><span style=\"color: #000000;\"><!-- \/wp:paragraph --><!-- wp:image {\"align\":\"center\",\"id\":162,\"width\":410,\"height\":242,\"sizeSlug\":\"large\"} --><\/span><\/p>\n<div class=\"wp-block-image\">\n<figure class=\"aligncenter size-large is-resized\"><span style=\"color: #000000;\"><img loading=\"lazy\" decoding=\"async\" class=\"wp-image-162\" src=\"https:\/\/www.santamariadelosangeles.cl\/web\/wp-content\/uploads\/2020\/10\/histo02.jpg\" alt=\"\" width=\"410\" height=\"242\" srcset=\"https:\/\/www.santamariadelosangeles.cl\/web\/wp-content\/uploads\/2020\/10\/histo02.jpg 410w, https:\/\/www.santamariadelosangeles.cl\/web\/wp-content\/uploads\/2020\/10\/histo02-300x177.jpg 300w\" sizes=\"(max-width: 410px) 100vw, 410px\" \/><\/span>\n<figcaption><span style=\"color: #000000;\">La Ceremonia fue presidida por la Superiora Provincial, Sor Fides Lorenzon; Sor Attiliana Durigon, Directora del Colegio; Se\u00f1or Ricardo Villegas; Jefe Provincial; docentes, asistentes, estudiantes y apoderados.<\/span><\/figcaption>\n<\/figure>\n<\/div>\n<!-- \/wp:image -->\t\t\t\t\t<\/div>\n\t\t\t\t\t\t<\/div>\n\t\t\t\t<\/div>\n\t\t\t\t\t\t<\/div>\n\t\t\t\t\t<\/div>\n\t\t<\/div>\n\t\t\t\t\t\t\t\t<\/div>\n\t\t\t\t\t<\/div>\n\t\t<\/section>\n\t\t\t\t\t\t\t\t\t<\/div>\n\t\t\t<\/div>\n\t\t\t\t\t<\/div>\n\t\t","protected":false},"excerpt":{"rendered":"<p>Conociendo el camino recorrido por el Colegio Santa Mar\u00eda de los \u00c1ngeles, en los a\u00f1os 60, conocemos una historia hermosa y llena de grandes acontecimientos que involucran a cientos de personas que logran vivir en torno a una comunidad de fraternidad que se propone formar personas conscientes de las necesidades de su entorno y con [&hellip;]<\/p>\n","protected":false},"author":1,"featured_media":0,"parent":0,"menu_order":0,"comment_status":"closed","ping_status":"closed","template":"","meta":{"footnotes":""},"class_list":["post-160","page","type-page","status-publish","hentry"],"_links":{"self":[{"href":"https:\/\/www.santamariadelosangeles.cl\/web\/wp-json\/wp\/v2\/pages\/160"}],"collection":[{"href":"https:\/\/www.santamariadelosangeles.cl\/web\/wp-json\/wp\/v2\/pages"}],"about":[{"href":"https:\/\/www.santamariadelosangeles.cl\/web\/wp-json\/wp\/v2\/types\/page"}],"author":[{"embeddable":true,"href":"https:\/\/www.santamariadelosangeles.cl\/web\/wp-json\/wp\/v2\/users\/1"}],"replies":[{"embeddable":true,"href":"https:\/\/www.santamariadelosangeles.cl\/web\/wp-json\/wp\/v2\/comments?post=160"}],"version-history":[{"count":6,"href":"https:\/\/www.santamariadelosangeles.cl\/web\/wp-json\/wp\/v2\/pages\/160\/revisions"}],"predecessor-version":[{"id":9439,"href":"https:\/\/www.santamariadelosangeles.cl\/web\/wp-json\/wp\/v2\/pages\/160\/revisions\/9439"}],"wp:attachment":[{"href":"https:\/\/www.santamariadelosangeles.cl\/web\/wp-json\/wp\/v2\/media?parent=160"}],"curies":[{"name":"wp","href":"https:\/\/api.w.org\/{rel}","templated":true}]}}